{"id":24083,"date":"2018-07-15T03:42:27","date_gmt":"2018-07-15T01:42:27","guid":{"rendered":"https:\/\/www.latorredelcanonigo.com\/en\/politica-de-privacidad\/"},"modified":"2021-09-06T19:08:12","modified_gmt":"2021-09-06T17:08:12","slug":"privacy-policy","status":"publish","type":"page","link":"https:\/\/www.badebleshotels.com\/en\/privacy-policy\/","title":{"rendered":"Privacy Policy"},"content":{"rendered":"<p>[vc_row row_type=&#8221;row&#8221; use_row_as_full_screen_section=&#8221;no&#8221; type=&#8221;full_width&#8221; anchor=&#8221;siguiente&#8221; angled_section=&#8221;no&#8221; text_align=&#8221;left&#8221; background_image=&#8221;18855&#8243; background_image_as_pattern=&#8221;without_pattern&#8221; padding_top=&#8221;54&#8243; padding_bottom=&#8221;54&#8243; css_animation=&#8221;&#8221;][vc_column][vc_column_text]<\/p>\n<div id=\"contenedor-general\" class=\"row\">\n<div class=\"col-xs-12 pos-relative\">\n<section id=\"politica\" class=\"content-1200\">\n<div id=\"texto-legal\" class=\"bloque-texto\">\n<h2>Pol\u00edtica de Privacidad<\/h2>\n<p>&nbsp;<\/p>\n<p>Nuestro objetivo, es ser lo m\u00e1s transparentes posible con nuestros usuarios y clientes, sobre los datos personales que recopilamos. Su privacidad es importante para nosotros.<\/p>\n<p>Mediante la lectura de la presente Pol\u00edtica de Privacidad, el usuario queda informado sobre la forma en que La Torre del Can\u00f3nigo S.L. recaba, trata y protege los datos de car\u00e1cter personal que le son facilitados a trav\u00e9s del sitio web &#8211;\u00a0<span style=\"color: #333333;\"><a style=\"color: #333333;\" href=\"https:\/\/latorredelcanonigo.com\/\">https:\/\/latorredelcanonigo.com<\/a><\/span>\u00a0(en adelante, el sitio web) y aquellos otros datos que pueda facilitar en un futuro a La Torre del Canonigo S.L. por otros medios.<\/p>\n<p>El Usuario debe leer con atenci\u00f3n esta Pol\u00edtica de Privacidad, que ha sido redactada de forma clara y sencilla, para facilitar su comprensi\u00f3n, y determinar libre y voluntariamente si desea facilitar sus datos personales a La Torre del Canonigo S.L..<\/p>\n<p>Al rellenar cualquier formulario de la p\u00e1gina web corporativa y hacer clic en la casilla &#8220;He le\u00eddo la pol\u00edtica de privacidad\u201d o similar, el usuario manifiesta expresamente que ha le\u00eddo la presente pol\u00edtica de privacidad donde se indican los tratamientos de datos que se realizan y las finalidades, entre otras informaciones, d\u00e1ndose as\u00ed cumplimiento al deber de informar que impone la normativa de Protecci\u00f3n de Datos.<\/p>\n<p>En aquellos casos en que en la p\u00e1gina web corporativa se solicite el consentimiento para una finalidad concreta, al clicar la casilla \u201cAcepto\u201d o similar, el usuario da el consentimiento inequ\u00edvoco y expl\u00edcito para el tratamiento en cuesti\u00f3n.<\/p>\n<p>&nbsp;<\/p>\n<p><strong>\u00bfQui\u00e9n es el responsable del tratamiento de sus datos?<\/strong><\/p>\n<p>\u2022 Identidad: La Torre del Can\u00f3nigo S.L. -NIF: B07938764<\/p>\n<p>\u2022 Direcci\u00f3n postal: Carrer Major 8 07800 Eivissa<\/p>\n<p>\u2022 Tel\u00e9fono: 971303884<\/p>\n<p>\u2022 Correo electr\u00f3nico:\u00a0<a href=\"mailto:info@latorredelcanonigo.com\">info@latorredelcanonigo.com<\/a><\/p>\n<p>&#8211; Tratamiento de DATOS recabados mediante la WEB<\/p>\n<p>&nbsp;<\/p>\n<p><strong>\u00bfCon qu\u00e9 finalidad tratamos sus datos personales?<\/strong><\/p>\n<p>En La Torre del Can\u00f3nigo S.L. tratamos la informaci\u00f3n que nos facilitan las personas interesadas con el fin de atender su solicitud y enviarle comunicaciones comerciales, as\u00ed como nuestros boletines. No se van a tomar decisiones automatizadas en base a los datos proporcionados.<\/p>\n<p>&nbsp;<\/p>\n<p><strong>\u00bfPor cu\u00e1nto tiempo conservaremos sus datos?<\/strong><\/p>\n<p>Los datos se conservar\u00e1n mientras el interesado no solicite su supresi\u00f3n.<\/p>\n<p>&nbsp;<\/p>\n<p><strong>\u00bfCu\u00e1l es la legitimaci\u00f3n para el tratamiento de sus datos?<\/strong><\/p>\n<p>Le indicamos la base legal para el tratamiento de sus datos:<\/p>\n<p>\u2022 Consentimiento del interesado: Atender su solicitud y enviarle comunicaciones comerciales, as\u00ed como nuestros boletines.<\/p>\n<p>&nbsp;<\/p>\n<p><strong>\u00bfA qu\u00e9 destinatarios se comunicar\u00e1n sus datos?<\/strong><\/p>\n<p>No se ceder\u00e1n datos a terceros, salvo obligaci\u00f3n legal.<\/p>\n<p>&nbsp;<\/p>\n<p><strong>\u00bfTransferencias de datos a terceros pa\u00edses?<\/strong><\/p>\n<p>No est\u00e1n previstas transferencias de datos a terceros pa\u00edses.<\/p>\n<p>&nbsp;<\/p>\n<p><strong>\u00bfC\u00f3mo hemos obtenido sus datos?<\/strong><\/p>\n<p>Los datos personales que tratamos en La Torre del Can\u00f3nigo S.L. proceden del propio interesado.<\/p>\n<p>No se tratan categor\u00edas especiales de datos personales (son aquellos datos que revelen el origen \u00e9tnico o racial, las opiniones pol\u00edticas, las convicciones religiosas o filos\u00f3ficas, o la afiliaci\u00f3n sindical, datos gen\u00e9ticos, datos biom\u00e9tricos dirigidos a identificar de manera un\u00edvoca a una persona f\u00edsica, datos relativos a la salud o datos relativos a la vida sexual o la orientaci\u00f3n sexual de una persona f\u00edsica).<\/p>\n<p>&#8211; Tratamiento de DATOS para SELECCI\u00d3N del PERSONAL<\/p>\n<p>&nbsp;<\/p>\n<p><strong>\u00bfCon qu\u00e9 finalidad tratamos sus datos personales?<\/strong><\/p>\n<p>En La Torre del Can\u00f3nigo S.L. tratamos la informaci\u00f3n que nos facilitan las personas interesadas con el fin de realizar los procesos de selecci\u00f3n de personal. No se van a tomar decisiones automatizadas en base a los datos proporcionados.<\/p>\n<p>&nbsp;<\/p>\n<p><strong>\u00bfPor cu\u00e1nto tiempo conservaremos sus datos?<\/strong><\/p>\n<p>Se conservar\u00e1n durante dos a\u00f1os, a excepci\u00f3n de que el interesado retire su consentimiento antes del plazo m\u00e1ximo de conservaci\u00f3n.<\/p>\n<p>&nbsp;<\/p>\n<p><strong>\u00bfCu\u00e1l es la legitimaci\u00f3n para el tratamiento de sus datos?<\/strong><\/p>\n<p>Le indicamos la base legal para el tratamiento de sus datos:<\/p>\n<p>\u2022 Consentimiento del interesado: Participar en los procesos de selecci\u00f3n de personal.<\/p>\n<p>&nbsp;<\/p>\n<p><strong>\u00bfA qu\u00e9 destinatarios se comunicar\u00e1n sus datos?<\/strong><\/p>\n<p>No se ceder\u00e1n datos a terceros, salvo obligaci\u00f3n legal.<\/p>\n<p>&nbsp;<\/p>\n<p><strong>\u00bfTransferencias de datos a terceros pa\u00edses?<\/strong><\/p>\n<p>No est\u00e1n previstas transferencias de datos a terceros pa\u00edses.<\/p>\n<p>&nbsp;<\/p>\n<p><strong>\u00bfC\u00f3mo hemos obtenido sus datos?<\/strong><\/p>\n<p>Los datos personales que tratamos en La Torre del Can\u00f3nigo S.L. proceden del propio interesado. Las categor\u00edas de datos que se tratan son:<\/p>\n<p>\u2022 Datos identificativos<\/p>\n<p>\u2022 Direcciones postales y electr\u00f3nicas<\/p>\n<p>\u2022 Datos acad\u00e9micos y profesionales<\/p>\n<p>&#8211; Tratamiento de DATOS de CLIENTES<\/p>\n<p>&nbsp;<\/p>\n<p><strong>\u00bfCon qu\u00e9 finalidad tratamos sus datos personales?<\/strong><\/p>\n<p>En La Torre del Can\u00f3nigo S.L. tratamos la informaci\u00f3n que nos facilitan las personas interesadas con el fin de prestar los servicios solicitados, realizar la gesti\u00f3n administrativa, contable y fiscal de los servicios solicitados, as\u00ed como enviar comunicaciones comerciales sobre nuestros productos y servicios. No se van a tomar decisiones automatizadas en base a los datos proporcionados.<\/p>\n<p>&nbsp;<\/p>\n<p><strong>\u00bfPor cu\u00e1nto tiempo conservaremos sus datos?<\/strong><\/p>\n<p>Los datos se conservar\u00e1n mientras el interesado no solicite su supresi\u00f3n, y en su caso, durante los a\u00f1os necesarios para cumplir con las obligaciones legales.<\/p>\n<p>&nbsp;<\/p>\n<p><strong>\u00bfCu\u00e1l es la legitimaci\u00f3n para el tratamiento de sus datos?<\/strong><\/p>\n<p>Le indicamos la base legal para el tratamiento de sus datos:<\/p>\n<p>\u2022 Ejecuci\u00f3n de un contrato: Prestar los servicios solicitados<\/p>\n<p>\u2022 Obligaci\u00f3n legal: Realizar la gesti\u00f3n administrativa, contable y fiscal de los servicios solicitados<\/p>\n<p>\u2022 Inter\u00e9s leg\u00edtimo del Responsable: Enviar comunicaciones comerciales sobre nuestros productos y servicios<\/p>\n<p>&nbsp;<\/p>\n<p><strong>\u00bfA qu\u00e9 destinatarios se comunicar\u00e1n sus datos?<\/strong><\/p>\n<p>Los datos se comunicar\u00e1n a los siguientes destinatarios:<\/p>\n<p>\u2022 Agencia Tributaria, con la finalidad de cumplir con las obligaciones legales.<\/p>\n<p>\u2022 Entidades financieras, con la finalidad de girar los recibos correspondientes.<\/p>\n<p>&nbsp;<\/p>\n<p><strong>\u00bfTransferencias de datos a terceros pa\u00edses?<\/strong><\/p>\n<p>No est\u00e1n previstas transferencias de datos a terceros pa\u00edses.<\/p>\n<p>&nbsp;<\/p>\n<p><strong>\u00bfC\u00f3mo hemos obtenido sus datos?<\/strong><\/p>\n<p>Los datos personales que tratamos en La Torre del Can\u00f3nigo S.L. proceden de: El propio interesado.<\/p>\n<p>Las categor\u00edas de datos que se tratan son:<\/p>\n<p>\u2022 Datos identificativos<\/p>\n<p>\u2022 Direcciones postales y electr\u00f3nicas<\/p>\n<p>\u2022 Informaci\u00f3n comercial<\/p>\n<p>&#8211; Tratamiento de datos para-MARKETING-PUBLICIDAD (no clientes)<\/p>\n<p>&nbsp;<\/p>\n<p><strong>\u00bfCon qu\u00e9 finalidad tratamos sus datos personales?<\/strong><\/p>\n<p>En La Torre del Can\u00f3nigo S.L. tratamos la informaci\u00f3n que nos facilitan las personas interesadas con el fin de gestionar el env\u00edo de comunicaciones comerciales sobre nuestros productos y\/o servicios mediante medios electr\u00f3nicos (e-mail, WhatsApp, SMS&#8230;). No se van a tomar decisiones automatizadas en base a los datos proporcionados.<\/p>\n<p>&nbsp;<\/p>\n<p><strong>\u00bfPor cu\u00e1nto tiempo conservaremos sus datos?<\/strong><\/p>\n<p>Los datos se conservar\u00e1n desde que el usuario presta su consentimiento hasta que retira dicho consentimiento.<\/p>\n<p>&nbsp;<\/p>\n<p><strong>\u00bfCu\u00e1l es la legitimaci\u00f3n para el tratamiento de sus datos?<\/strong><\/p>\n<p>Le indicamos la base legal para el tratamiento de sus datos:<\/p>\n<p>\u2022 Consentimiento del interesado al clicar el check box en el formulario de la p\u00e1gina web corporativa: Env\u00edo de comunicaciones comerciales.<\/p>\n<p>&nbsp;<\/p>\n<p><strong>Los datos se comunicar\u00e1n a los siguientes destinatarios:<\/strong><\/p>\n<p>\u2022 Plataformas de envi\u00f3 de publicidad mediante medios electr\u00f3nicos, con la finalidad de realizar el envi\u00f3 con garant\u00edas y obtener datos estad\u00edsticos.<\/p>\n<p>&nbsp;<\/p>\n<p><strong>\u00bfTransferencias de datos a terceros pa\u00edses?<\/strong><\/p>\n<p>No est\u00e1n previstas transferencias de datos a terceros pa\u00edses.<\/p>\n<p>&nbsp;<\/p>\n<p><strong>\u00bfC\u00f3mo hemos obtenido sus datos?<\/strong><\/p>\n<p>Los datos personales que tratamos en La Torre del Can\u00f3nigo S.L. proceden del propio interesado.<\/p>\n<p>Las categor\u00edas de datos que se tratan son:<\/p>\n<p>\u2022 Datos identificativos y direcciones postales y electr\u00f3nicas<\/p>\n<p>\u2022 Informaci\u00f3n comercial<\/p>\n<p>No se tratan categor\u00edas especiales de datos personales (son aquellos datos que revelen el origen \u00e9tnico o racial, las opiniones pol\u00edticas, las convicciones religiosas o filos\u00f3ficas, o la afiliaci\u00f3n sindical, datos gen\u00e9ticos, datos biom\u00e9tricos dirigidos a identificar de manera un\u00edvoca a una persona f\u00edsica, datos relativos a la salud o datos relativos a la vida sexual o la orientaci\u00f3n sexual de una persona f\u00edsica).<\/p>\n<p>&#8211; Tratamiento de datos de VIDEOVIGILANCIA<\/p>\n<p>&nbsp;<\/p>\n<p><strong>Informaci\u00f3n b\u00e1sica sobre Protecci\u00f3n de datos<\/strong><\/p>\n<p>Responsable: La Torre del Can\u00f3nigo S.L.; Finalidad: Garantizar la seguridad de personas, bienes e instalaciones; Legitimaci\u00f3n: Misi\u00f3n en Inter\u00e9s p\u00fablico; Destinatarios: Est\u00e1n previstas cesiones de datos a: En su caso, las fuerzas y cuerpos de seguridad del Estado, as\u00ed como Juzgados y Tribunales; Derechos: Tiene derecho a acceder, rectificar y suprimir los datos, as\u00ed como otros derechos, indicados en la informaci\u00f3n adicional, que puede ejercer dirigi\u00e9ndose a la direcci\u00f3n del responsable del tratamiento; Procedencia: El propio interesado.<\/p>\n<p>&nbsp;<\/p>\n<p><strong>Informaci\u00f3n completa sobre Protecci\u00f3n de Datos<\/strong><\/p>\n<p>&nbsp;<\/p>\n<p><strong>\u00bfCon qu\u00e9 finalidad tratamos sus datos personales?<\/strong><\/p>\n<p>En La Torre del Can\u00f3nigo S.L. tratamos la informaci\u00f3n que nos facilitan las personas interesadas con el fin de Garantizar la seguridad de personas, bienes e instalaciones.<\/p>\n<p>No se van a tomar decisiones automatizadas en base a los datos proporcionados.<\/p>\n<p>&nbsp;<\/p>\n<p><strong>\u00bfPor cu\u00e1nto tiempo conservaremos sus datos?<\/strong><\/p>\n<p>Los datos se conservar\u00e1n un m\u00e1ximo de 30 d\u00edas, salvo comunicaci\u00f3n a Fuerzas y Cuerpos de Seguridad, y\/o Juzgados y Tribunales.<\/p>\n<p>&nbsp;<\/p>\n<p><strong>\u00bfCu\u00e1l es la legitimaci\u00f3n para el tratamiento de sus datos?<\/strong><\/p>\n<p>Le indicamos la base legal para el tratamiento de sus datos:<\/p>\n<p>\u2022 Misi\u00f3n en Inter\u00e9s p\u00fablico: Garantizar la seguridad de personas, bienes e instalaciones.<\/p>\n<p>&nbsp;<\/p>\n<p><strong>\u00bfA qu\u00e9 destinatarios se comunicar\u00e1n sus datos?<\/strong><\/p>\n<p>Los datos se comunicar\u00e1n a los siguientes destinatarios:<\/p>\n<p>\u2022 En su caso, las fuerzas y cuerpos de seguridad del Estado, as\u00ed como Juzgados y Tribunales, con la finalidad de aportar las im\u00e1genes si se ha cometido un delito.<\/p>\n<p>&nbsp;<\/p>\n<p><strong>Transferencias de datos a terceros pa\u00edses<\/strong><\/p>\n<p>No est\u00e1n previstas transferencias de datos a terceros pa\u00edses.<\/p>\n<p>&nbsp;<\/p>\n<p><strong>\u00bfC\u00f3mo hemos obtenido sus datos?<\/strong><\/p>\n<p>Los datos personales que tratamos en La Torre del Can\u00f3nigo S.L. proceden de: El propio interesado.<\/p>\n<p>&nbsp;<\/p>\n<p><strong>\u00bfCu\u00e1les son sus derechos cuando nos facilita sus datos?<\/strong><\/p>\n<p>Cualquier persona tiene derecho a obtener confirmaci\u00f3n sobre si en La Torre del Can\u00f3nigo S.L. estamos tratando, datos personales que les conciernan o no.<\/p>\n<p>Las personas interesadas tienen derecho a acceder a sus datos personales, as\u00ed como a solicitar la rectificaci\u00f3n de los datos inexactos o, en su caso, solicitar su supresi\u00f3n cuando, entre otros motivos, los datos ya no sean necesarios para los fines que fueron recogidos.<\/p>\n<p>En determinadas circunstancias, los interesados podr\u00e1n solicitar la limitaci\u00f3n del tratamiento de sus datos, en cuyo caso \u00fanicamente los conservaremos para el ejercicio o la defensa de reclamaciones.<\/p>\n<p>En determinadas circunstancias y por motivos relacionados con su situaci\u00f3n particular, los interesados podr\u00e1n oponerse al tratamiento de sus datos. En este caso, La Torre del Can\u00f3nigo S.L. dejar\u00e1 de tratar los datos, salvo por motivos leg\u00edtimos imperiosos, o el ejercicio o la defensa de posibles reclamaciones.<\/p>\n<p>Tambi\u00e9n tendr\u00e1 derecho a solicitar la portabilidad de sus datos personales. Esto significa que tendr\u00e1 derecho a recibir los datos personales que nos haya facilitado en un formato estructurado, de uso com\u00fan y legible por una m\u00e1quina, para poder transmitirlo a otra entidad directamente, siempre que t\u00e9cnicamente sea posible.<\/p>\n<p>Si ha otorgado su consentimiento para alguna finalidad concreta, tiene derecho a retirar el consentimiento otorgado en cualquier momento, sin que ello afecte a la licitud del tratamiento basado en el consentimiento previo a su retirada.<\/p>\n<p>Podr\u00e1 ejercer sus derechos dirigi\u00e9ndose al responsable presencialmente, por correo postal acompa\u00f1ando fotocopia de su DNI o documento oficial identificativo, o bien por correo electr\u00f3nico a la direcci\u00f3n electr\u00f3nica del Responsable, acompa\u00f1ando la instancia\/solicitud una fotocopia de su DNI o documento oficial identificativo. Los formularios para el ejercicio\/solicitud de derechos, puede encontrarlos en la web de la Agencia Espa\u00f1ola de Protecci\u00f3n de Datos:<\/p>\n<p><span style=\"color: #333333;\"><a style=\"color: #333333;\" href=\"https:\/\/www.aepd.es\/reglamento\/derechos\/index.html#section1\" target=\"_blank\" rel=\"noopener\">https:\/\/www.aepd.es\/reglamento\/derechos\/index.html#section1<\/a><\/span><\/p>\n<p>En caso de que sienta vulnerados sus derechos en lo concerniente a la protecci\u00f3n de sus datos personales, especialmente cuando no haya obtenido satisfacci\u00f3n en el ejercicio de sus derechos, puede presentar una reclamaci\u00f3n ante la Autoridad de Control en materia de Protecci\u00f3n de Datos competente accediendo a la sede electr\u00f3nica de la Agencia Espa\u00f1ola de Protecci\u00f3n de datos (C\/ Jorge Juan, 6, 28001-Madrid):<\/p>\n<p><span style=\"color: #333333;\"><a style=\"color: #333333;\" href=\"https:\/\/sedeagpd.gob.es\/sede-electronica-web\/vistas\/infoSede\/queSede.jsf\" target=\"_blank\" rel=\"noopener\">https:\/\/sedeagpd.gob.es\/sede-electronica-web\/vistas\/infoSede\/queSede.jsf<\/a><\/span><\/p>\n<\/div>\n<\/section>\n<\/div>\n<\/div>\n<footer>\n<div class=\"content-1200 container footer-contenedor-top\">\n<div class=\"row\">\n<div class=\"col-xs-12\">\n<div class=\"col-xs-12 col-sm-6 col-md-6 col-lg-6 footer-contenedor-contacto\"><\/div>\n<\/div>\n<\/div>\n<\/div>\n<\/footer>\n<p>[\/vc_column_text][\/vc_column][\/vc_row]<\/p>\n","protected":false},"excerpt":{"rendered":"<p>[vc_row row_type=&#8221;row&#8221; use_row_as_full_screen_section=&#8221;no&#8221; type=&#8221;full_width&#8221; anchor=&#8221;siguiente&#8221; angled_section=&#8221;no&#8221; text_align=&#8221;left&#8221; background_image=&#8221;18855&#8243; background_image_as_pattern=&#8221;without_pattern&#8221; padding_top=&#8221;54&#8243; padding_bottom=&#8221;54&#8243; css_animation=&#8221;&#8221;][vc_column][vc_column_text] Pol\u00edtica de Privacidad &nbsp; Nuestro objetivo, es ser lo m\u00e1s transparentes posible con nuestros usuarios y clientes, sobre los datos personales que recopilamos. Su privacidad es importante para nosotros. Mediante la lectura de&#8230;<\/p>\n","protected":false},"author":4,"featured_media":0,"parent":0,"menu_order":0,"comment_status":"open","ping_status":"open","template":"","meta":[],"yoast_head":"<!-- This site is optimized with the Yoast SEO plugin v17.0 - https:\/\/yoast.com\/wordpress\/plugins\/seo\/ -->\n<meta name=\"description\" content=\"BADEBLES HOTELS \u00ae - Privacy Policy\" \/>\n<meta name=\"robots\" content=\"index, follow, max-snippet:-1, max-image-preview:large, max-video-preview:-1\" \/>\n<link rel=\"canonical\" href=\"https:\/\/www.badebleshotels.com\/en\/privacy-policy\/\" \/>\n<meta property=\"og:locale\" content=\"en_US\" \/>\n<meta property=\"og:type\" content=\"article\" \/>\n<meta property=\"og:title\" content=\"BADEBLES HOTELS \u00ae - Privacy Policy\" \/>\n<meta property=\"og:description\" content=\"BADEBLES HOTELS \u00ae - Privacy Policy\" \/>\n<meta property=\"og:url\" content=\"https:\/\/www.badebleshotels.com\/en\/privacy-policy\/\" \/>\n<meta property=\"og:site_name\" content=\"BADEBLES HOTELS\" \/>\n<meta property=\"article:modified_time\" content=\"2021-09-06T17:08:12+00:00\" \/>\n<meta name=\"twitter:card\" content=\"summary\" \/>\n<meta name=\"twitter:label1\" content=\"Est. reading time\" \/>\n\t<meta name=\"twitter:data1\" content=\"9 minutes\" \/>\n<script type=\"application\/ld+json\" class=\"yoast-schema-graph\">{\"@context\":\"https:\/\/schema.org\",\"@graph\":[{\"@type\":\"WebSite\",\"@id\":\"https:\/\/www.badebleshotels.com\/#website\",\"url\":\"https:\/\/www.badebleshotels.com\/\",\"name\":\"BADEBLES HOTELS\",\"description\":\"BADEBLES HOTELS\",\"potentialAction\":[{\"@type\":\"SearchAction\",\"target\":{\"@type\":\"EntryPoint\",\"urlTemplate\":\"https:\/\/www.badebleshotels.com\/?s={search_term_string}\"},\"query-input\":\"required name=search_term_string\"}],\"inLanguage\":\"en-US\"},{\"@type\":\"WebPage\",\"@id\":\"https:\/\/www.badebleshotels.com\/en\/privacy-policy\/#webpage\",\"url\":\"https:\/\/www.badebleshotels.com\/en\/privacy-policy\/\",\"name\":\"BADEBLES HOTELS \\u00ae - Privacy Policy\",\"isPartOf\":{\"@id\":\"https:\/\/www.badebleshotels.com\/#website\"},\"datePublished\":\"2018-07-15T01:42:27+00:00\",\"dateModified\":\"2021-09-06T17:08:12+00:00\",\"description\":\"BADEBLES HOTELS \\u00ae - Privacy Policy\",\"breadcrumb\":{\"@id\":\"https:\/\/www.badebleshotels.com\/en\/privacy-policy\/#breadcrumb\"},\"inLanguage\":\"en-US\",\"potentialAction\":[{\"@type\":\"ReadAction\",\"target\":[\"https:\/\/www.badebleshotels.com\/en\/privacy-policy\/\"]}]},{\"@type\":\"BreadcrumbList\",\"@id\":\"https:\/\/www.badebleshotels.com\/en\/privacy-policy\/#breadcrumb\",\"itemListElement\":[{\"@type\":\"ListItem\",\"position\":1,\"name\":\"Home\",\"item\":\"https:\/\/www.badebleshotels.com\/en\/\"},{\"@type\":\"ListItem\",\"position\":2,\"name\":\"Privacy Policy\"}]}]}<\/script>\n<!-- \/ Yoast SEO plugin. -->","yoast_head_json":{"description":"BADEBLES HOTELS \u00ae - Privacy Policy","robots":{"index":"index","follow":"follow","max-snippet":"max-snippet:-1","max-image-preview":"max-image-preview:large","max-video-preview":"max-video-preview:-1"},"canonical":"https:\/\/www.badebleshotels.com\/en\/privacy-policy\/","og_locale":"en_US","og_type":"article","og_title":"BADEBLES HOTELS \u00ae - Privacy Policy","og_description":"BADEBLES HOTELS \u00ae - Privacy Policy","og_url":"https:\/\/www.badebleshotels.com\/en\/privacy-policy\/","og_site_name":"BADEBLES HOTELS","article_modified_time":"2021-09-06T17:08:12+00:00","twitter_card":"summary","twitter_misc":{"Est. reading time":"9 minutes"},"schema":{"@context":"https:\/\/schema.org","@graph":[{"@type":"WebSite","@id":"https:\/\/www.badebleshotels.com\/#website","url":"https:\/\/www.badebleshotels.com\/","name":"BADEBLES HOTELS","description":"BADEBLES HOTELS","potentialAction":[{"@type":"SearchAction","target":{"@type":"EntryPoint","urlTemplate":"https:\/\/www.badebleshotels.com\/?s={search_term_string}"},"query-input":"required name=search_term_string"}],"inLanguage":"en-US"},{"@type":"WebPage","@id":"https:\/\/www.badebleshotels.com\/en\/privacy-policy\/#webpage","url":"https:\/\/www.badebleshotels.com\/en\/privacy-policy\/","name":"BADEBLES HOTELS \u00ae - Privacy Policy","isPartOf":{"@id":"https:\/\/www.badebleshotels.com\/#website"},"datePublished":"2018-07-15T01:42:27+00:00","dateModified":"2021-09-06T17:08:12+00:00","description":"BADEBLES HOTELS \u00ae - Privacy Policy","breadcrumb":{"@id":"https:\/\/www.badebleshotels.com\/en\/privacy-policy\/#breadcrumb"},"inLanguage":"en-US","potentialAction":[{"@type":"ReadAction","target":["https:\/\/www.badebleshotels.com\/en\/privacy-policy\/"]}]},{"@type":"BreadcrumbList","@id":"https:\/\/www.badebleshotels.com\/en\/privacy-policy\/#breadcrumb","itemListElement":[{"@type":"ListItem","position":1,"name":"Home","item":"https:\/\/www.badebleshotels.com\/en\/"},{"@type":"ListItem","position":2,"name":"Privacy Policy"}]}]}},"_links":{"self":[{"href":"https:\/\/www.badebleshotels.com\/en\/wp-json\/wp\/v2\/pages\/24083"}],"collection":[{"href":"https:\/\/www.badebleshotels.com\/en\/wp-json\/wp\/v2\/pages"}],"about":[{"href":"https:\/\/www.badebleshotels.com\/en\/wp-json\/wp\/v2\/types\/page"}],"author":[{"embeddable":true,"href":"https:\/\/www.badebleshotels.com\/en\/wp-json\/wp\/v2\/users\/4"}],"replies":[{"embeddable":true,"href":"https:\/\/www.badebleshotels.com\/en\/wp-json\/wp\/v2\/comments?post=24083"}],"version-history":[{"count":3,"href":"https:\/\/www.badebleshotels.com\/en\/wp-json\/wp\/v2\/pages\/24083\/revisions"}],"predecessor-version":[{"id":26811,"href":"https:\/\/www.badebleshotels.com\/en\/wp-json\/wp\/v2\/pages\/24083\/revisions\/26811"}],"wp:attachment":[{"href":"https:\/\/www.badebleshotels.com\/en\/wp-json\/wp\/v2\/media?parent=24083"}],"curies":[{"name":"wp","href":"https:\/\/api.w.org\/{rel}","templated":true}]}}